{"id":1129,"date":"2023-08-09T19:38:14","date_gmt":"2023-08-09T17:38:14","guid":{"rendered":"https:\/\/nenedemo.ovh\/TAEKWORPRESS\/?page_id=1129"},"modified":"2025-08-26T10:00:45","modified_gmt":"2025-08-26T08:00:45","slug":"a-propos","status":"publish","type":"page","link":"https:\/\/nenedemo.ovh\/TAEKWORPRESS\/?page_id=1129","title":{"rendered":"Qui sommes-nous ?"},"content":{"rendered":"\n<p><mark style=\"background-color:rgba(0, 0, 0, 0)\" class=\"has-inline-color has-black-color\">L&#8217;<strong>A.S.M. TAEKWONDO<\/strong> est une Association Sportive Municipale Paloise, \u00e9tablie en France dans la commune de Pau, r\u00e9gion Nouvelle-Aquitaine, d\u00e9partement des Pyr\u00e9n\u00e9es-Atlantiques. Vous nous trouverez au gymnase situ\u00e9 \u00e0 15 Av. des Sayettes, 64000 Pau.<\/mark><\/p>\n\n\n\n<p><img loading=\"lazy\" decoding=\"async\" width=\"16\" height=\"16\" src=\"https:\/\/static.xx.fbcdn.net\/images\/emoji.php\/v9\/tb4\/1\/16\/2b50.png\" alt=\"\u2b50\"> <strong><mark style=\"background-color:rgba(0, 0, 0, 0)\" class=\"has-inline-color has-black-color\">Histoire du club :<\/mark><\/strong><\/p>\n\n\n\n<p><mark style=\"background-color:rgba(0, 0, 0, 0)\" class=\"has-inline-color has-black-color\">Cr\u00e9e en 1993 par Monsieur Jean Hakim, 2\u00e8me dan et plusieurs fois champion du Liban, et repris en 1998 par un de ses \u00e9l\u00e8ves, Mr Philippe Paillot, le club de l\u2019ASM Taekwondo de Pau a perdur\u00e9 et compte aujourd\u2019hui entre cinquante et quatre-vingts adh\u00e9rents.<\/mark><\/p>\n\n\n\n<p><mark style=\"background-color:rgba(0, 0, 0, 0)\" class=\"has-inline-color has-black-color\">D\u2019autres pratiquants ont \u00e9galement contribu\u00e9 \u00e0 la continuit\u00e9 du club : Thierry Andries, Salahdine Jedouani, Maxence Garreau, Mathilde Barreix, Lahon Dominique, Didier Serres, Marie Claude Gargou, Paule Barbosa, Sylvain Giacomini, Mathieu Paccini.<\/mark><\/p>\n\n\n\n<p><mark style=\"background-color:rgba(0, 0, 0, 0)\" class=\"has-inline-color has-black-color\">Le club poss\u00e8de l\u2019Agr\u00e9ment Jeunesse et Sport d\u00e9livr\u00e9 par le Minist\u00e8re de la Sant\u00e9, de la Jeunesse et des Sports; et est affili\u00e9 \u00e0 la F\u00e9d\u00e9ration Fran\u00e7aise de Taekwondo et Disciplines Associ\u00e9es (ou FFTDA). L&#8217;ASM a obtenu deux \u00e9toiles dans la d\u00e9marche de labellisation des clubs lanc\u00e9e par la FFTDA.<\/mark><\/p>\n\n\n\n<p><img loading=\"lazy\" decoding=\"async\" width=\"16\" height=\"16\" src=\"https:\/\/static.xx.fbcdn.net\/images\/emoji.php\/v9\/t3f\/1\/16\/1f94b.png\" alt=\"\ud83e\udd4b\"> <strong><mark style=\"background-color:rgba(0, 0, 0, 0)\" class=\"has-inline-color has-black-color\">Formations et grades :<\/mark><\/strong><\/p>\n\n\n\n<p><mark style=\"background-color:rgba(0, 0, 0, 0)\" class=\"has-inline-color has-black-color\">Le club compte aujourd\u2019hui :<\/mark><\/p>\n\n\n\n<p><mark style=\"background-color:rgba(0, 0, 0, 0)\" class=\"has-inline-color has-black-color\"><mark style=\"background-color:rgba(0, 0, 0, 0)\" class=\"has-inline-color has-black-color\"><img loading=\"lazy\" decoding=\"async\" width=\"16\" height=\"16\" src=\"https:\/\/static.xx.fbcdn.net\/images\/emoji.php\/v9\/tbe\/1\/16\/1f94a.png\" alt=\"\ud83e\udd4a\"><\/mark> Un enseignant BPJEPS (Brevet Professionnel de la Jeunesse, de l&#8217;Education Populaire et du Sport) 1er degr\u00e9, Monsieur Philippe Paillot, 2\u00e8me dan Kukkiwon, qui assure les cours de taekwondo section adulte et le body taekwondo.<\/mark><\/p>\n\n\n\n<p><mark style=\"background-color:rgba(0, 0, 0, 0)\" class=\"has-inline-color has-black-color\"><mark style=\"background-color:rgba(0, 0, 0, 0)\" class=\"has-inline-color has-black-color\"><img loading=\"lazy\" decoding=\"async\" width=\"16\" height=\"16\" src=\"https:\/\/static.xx.fbcdn.net\/images\/emoji.php\/v9\/tbe\/1\/16\/1f94a.png\" alt=\"\ud83e\udd4a\"><\/mark> Deux enseignants DIF (Dipl\u00f4me d\u2019Educateur  F\u00e9d\u00e9ral), Messieurs Giacomini Sylvain et Paccini Mathieu, 2\u00e8me dan Kukkiwon, qui assurent les cours de la section enfant et adulte,<\/mark><\/p>\n\n\n\n<p><mark style=\"background-color:rgba(0, 0, 0, 0)\" class=\"has-inline-color has-black-color\"><mark style=\"background-color:rgba(0, 0, 0, 0)\" class=\"has-inline-color has-black-color\"><img loading=\"lazy\" decoding=\"async\" width=\"16\" height=\"16\" src=\"https:\/\/static.xx.fbcdn.net\/images\/emoji.php\/v9\/tbe\/1\/16\/1f94a.png\" alt=\"\ud83e\udd4a\"><\/mark> Un enseignant instructeur, <mark style=\"background-color:rgba(0, 0, 0, 0)\" class=\"has-inline-color has-black-color\">Monsieur<\/mark> Hugues M. Kamdjou,  Dipl\u00f4me d&#8217;Instructeur Taekwondo WTF, 2\u00e8me dan Kukkiwon, qui assiste les cours enfants et adultes.<\/mark><\/p>\n\n\n\n<p><mark style=\"background-color:rgba(0, 0, 0, 0)\" class=\"has-inline-color has-black-color\"><mark style=\"background-color:rgba(0, 0, 0, 0)\" class=\"has-inline-color has-black-color\"><img loading=\"lazy\" decoding=\"async\" width=\"16\" height=\"16\" src=\"https:\/\/static.xx.fbcdn.net\/images\/emoji.php\/v9\/tbe\/1\/16\/1f94a.png\" alt=\"\ud83e\udd4a\"><\/mark><\/mark> <mark style=\"background-color:rgba(0, 0, 0, 0)\" class=\"has-inline-color has-black-color\">Dominique Lahon, Pr\u00e9sident du club, 1er dan Kukkiwon, qui participe et aide l\u2019enseignant principal dans les diff\u00e9rents cours enfants et adultes.<\/mark><\/p>\n\n\n\n<p><mark style=\"background-color:rgba(0, 0, 0, 0)\" class=\"has-inline-color has-black-color\">Depuis sa cr\u00e9ation, le club a form\u00e9 plus d&#8217;une vingtaine de ceintures noires, un arbitre national et deux arbitres r\u00e9gionaux.<\/mark><\/p>\n\n\n\n<p><img loading=\"lazy\" decoding=\"async\" width=\"16\" height=\"16\" src=\"https:\/\/static.xx.fbcdn.net\/images\/emoji.php\/v9\/tbe\/1\/16\/1f3c6.png\" alt=\"\ud83c\udfc6\"> <strong><mark style=\"background-color:rgba(0, 0, 0, 0)\" class=\"has-inline-color has-black-color\">Manifestations et r\u00e9sultats :<\/mark><\/strong><\/p>\n\n\n\n<p><mark style=\"background-color:rgba(0, 0, 0, 0)\" class=\"has-inline-color has-black-color\">Depuis sa cr\u00e9ation en 1993, nos combattants ont rapport\u00e9 pas moins d\u2019une cinquantaine de m\u00e9dailles au cours de ces manifestations sportives, dont une gagn\u00e9e au cours des championnats de France de taekwondo \u00e0 Lyon en 2006, par Monsieur Abdelghani M\u2019Chiche.<\/mark><\/p>\n\n\n\n<p><mark style=\"background-color:rgba(0, 0, 0, 0)\" class=\"has-inline-color has-black-color\">De m\u00eame, au cours de ces ann\u00e9es d\u2019existence, de nombreuses d\u00e9monstrations de taekwondo par le club de Pau ont \u00e9t\u00e9 r\u00e9alis\u00e9es, notamment au Gala de Muay Thai \u00e0 Pau, au Gala des Arts Martiaux \u00e0 Lons, \u00e0 Mourenx et \u00e0 Hagetmau, au T\u00e9l\u00e9thon ainsi qu\u2019au lyc\u00e9e Saint John Perse de Pau, etc.<\/mark><\/p>\n\n\n\n<p><img loading=\"lazy\" decoding=\"async\" width=\"16\" height=\"16\" src=\"https:\/\/static.xx.fbcdn.net\/images\/emoji.php\/v9\/t57\/1\/16\/1f4f1.png\" alt=\"\ud83d\udcf1\"> <strong><mark style=\"background-color:rgba(0, 0, 0, 0)\" class=\"has-inline-color has-black-color\">Nous contacter :<\/mark><\/strong><\/p>\n\n\n\n<p><mark style=\"background-color:rgba(0, 0, 0, 0)\" class=\"has-inline-color has-black-color\">Pour plus d\u2019informations, n\u2019h\u00e9sitez pas \u00e0 nous contacter : Mr Philippe PAILLOT au 06 28 65 31 41<\/mark><\/p>\n","protected":false},"excerpt":{"rendered":"<p>L&#8217;A.S.M. TAEKWONDO est une Association Sportive Municipale Paloise, \u00e9tablie en France dans la commune de Pau, r\u00e9gion Nouvelle-Aquitaine, d\u00e9partement des Pyr\u00e9n\u00e9es-Atlantiques. Vous nous trouverez au gymnase situ\u00e9 \u00e0 15 Av. des Sayettes, 64000 Pau. Histoire du club : Cr\u00e9e en 1993 par Monsieur Jean Hakim, 2\u00e8me dan et plusieurs fois champion du Liban, et repris &hellip; <\/p>\n<div class=\"link-more\"><a href=\"https:\/\/nenedemo.ovh\/TAEKWORPRESS\/?page_id=1129\" class=\"more-link\">Read More<span class=\"screen-reader-text\"> &#8220;Qui sommes-nous ?&#8221;<\/span><\/a><\/div>\n","protected":false},"author":3,"featured_media":0,"parent":0,"menu_order":0,"comment_status":"closed","ping_status":"closed","template":"","meta":{"footnotes":""},"class_list":["post-1129","page","type-page","status-publish","hentry"],"yoast_head":"<!-- This site is optimized with the Yoast SEO plugin v22.8 - https:\/\/yoast.com\/wordpress\/plugins\/seo\/ -->\n<title>Qui sommes-nous ? - ASM TAEKWONDO PAU<\/title>\n<meta name=\"robots\" content=\"index, follow, max-snippet:-1, max-image-preview:large, max-video-preview:-1\" \/>\n<link rel=\"canonical\" href=\"https:\/\/nenedemo.ovh\/TAEKWORPRESS\/?page_id=1129\" \/>\n<meta property=\"og:locale\" content=\"fr_FR\" \/>\n<meta property=\"og:type\" content=\"article\" \/>\n<meta property=\"og:title\" content=\"Qui sommes-nous ? - ASM TAEKWONDO PAU\" \/>\n<meta property=\"og:description\" content=\"L&#8217;A.S.M. TAEKWONDO est une Association Sportive Municipale Paloise, \u00e9tablie en France dans la commune de Pau, r\u00e9gion Nouvelle-Aquitaine, d\u00e9partement des Pyr\u00e9n\u00e9es-Atlantiques. Vous nous trouverez au gymnase situ\u00e9 \u00e0 15 Av. des Sayettes, 64000 Pau. Histoire du club : Cr\u00e9e en 1993 par Monsieur Jean Hakim, 2\u00e8me dan et plusieurs fois champion du Liban, et repris &hellip; Read More &quot;Qui sommes-nous ?&quot;\" \/>\n<meta property=\"og:url\" content=\"https:\/\/nenedemo.ovh\/TAEKWORPRESS\/?page_id=1129\" \/>\n<meta property=\"og:site_name\" content=\"ASM TAEKWONDO PAU\" \/>\n<meta property=\"article:publisher\" content=\"https:\/\/www.facebook.com\/groups\/210021564364\/\" \/>\n<meta property=\"article:modified_time\" content=\"2025-08-26T08:00:45+00:00\" \/>\n<meta property=\"og:image\" content=\"https:\/\/static.xx.fbcdn.net\/images\/emoji.php\/v9\/tb4\/1\/16\/2b50.png\" \/>\n<meta name=\"twitter:card\" content=\"summary_large_image\" \/>\n<meta name=\"twitter:label1\" content=\"Dur\u00e9e de lecture estim\u00e9e\" \/>\n\t<meta name=\"twitter:data1\" content=\"4 minutes\" \/>\n<script type=\"application\/ld+json\" class=\"yoast-schema-graph\">{\"@context\":\"https:\/\/schema.org\",\"@graph\":[{\"@type\":\"WebPage\",\"@id\":\"https:\/\/nenedemo.ovh\/TAEKWORPRESS\/?page_id=1129\",\"url\":\"https:\/\/nenedemo.ovh\/TAEKWORPRESS\/?page_id=1129\",\"name\":\"Qui sommes-nous ? - ASM TAEKWONDO PAU\",\"isPartOf\":{\"@id\":\"https:\/\/nenedemo.ovh\/TAEKWORPRESS\/#website\"},\"primaryImageOfPage\":{\"@id\":\"https:\/\/nenedemo.ovh\/TAEKWORPRESS\/?page_id=1129#primaryimage\"},\"image\":{\"@id\":\"https:\/\/nenedemo.ovh\/TAEKWORPRESS\/?page_id=1129#primaryimage\"},\"thumbnailUrl\":\"https:\/\/static.xx.fbcdn.net\/images\/emoji.php\/v9\/tb4\/1\/16\/2b50.png\",\"datePublished\":\"2023-08-09T17:38:14+00:00\",\"dateModified\":\"2025-08-26T08:00:45+00:00\",\"breadcrumb\":{\"@id\":\"https:\/\/nenedemo.ovh\/TAEKWORPRESS\/?page_id=1129#breadcrumb\"},\"inLanguage\":\"fr-FR\",\"potentialAction\":[{\"@type\":\"ReadAction\",\"target\":[\"https:\/\/nenedemo.ovh\/TAEKWORPRESS\/?page_id=1129\"]}]},{\"@type\":\"ImageObject\",\"inLanguage\":\"fr-FR\",\"@id\":\"https:\/\/nenedemo.ovh\/TAEKWORPRESS\/?page_id=1129#primaryimage\",\"url\":\"https:\/\/static.xx.fbcdn.net\/images\/emoji.php\/v9\/tb4\/1\/16\/2b50.png\",\"contentUrl\":\"https:\/\/static.xx.fbcdn.net\/images\/emoji.php\/v9\/tb4\/1\/16\/2b50.png\"},{\"@type\":\"BreadcrumbList\",\"@id\":\"https:\/\/nenedemo.ovh\/TAEKWORPRESS\/?page_id=1129#breadcrumb\",\"itemListElement\":[{\"@type\":\"ListItem\",\"position\":1,\"name\":\"Accueil\",\"item\":\"https:\/\/nenedemo.ovh\/TAEKWORPRESS\/\"},{\"@type\":\"ListItem\",\"position\":2,\"name\":\"Qui sommes-nous ?\"}]},{\"@type\":\"WebSite\",\"@id\":\"https:\/\/nenedemo.ovh\/TAEKWORPRESS\/#website\",\"url\":\"https:\/\/nenedemo.ovh\/TAEKWORPRESS\/\",\"name\":\"A.S.M. TAEKWONDO PAU\",\"description\":\"Association Sportive Municipale de Pau\",\"publisher\":{\"@id\":\"https:\/\/nenedemo.ovh\/TAEKWORPRESS\/#organization\"},\"potentialAction\":[{\"@type\":\"SearchAction\",\"target\":{\"@type\":\"EntryPoint\",\"urlTemplate\":\"https:\/\/nenedemo.ovh\/TAEKWORPRESS\/?s={search_term_string}\"},\"query-input\":\"required name=search_term_string\"}],\"inLanguage\":\"fr-FR\"},{\"@type\":\"Organization\",\"@id\":\"https:\/\/nenedemo.ovh\/TAEKWORPRESS\/#organization\",\"name\":\"Association Sportive Municipale de Pau\",\"url\":\"https:\/\/nenedemo.ovh\/TAEKWORPRESS\/\",\"logo\":{\"@type\":\"ImageObject\",\"inLanguage\":\"fr-FR\",\"@id\":\"https:\/\/nenedemo.ovh\/TAEKWORPRESS\/#\/schema\/logo\/image\/\",\"url\":\"https:\/\/nenedemo.ovh\/TAEKWORPRESS\/wp-content\/uploads\/2023\/08\/cropped-LOGO_FINAL_ASM-1.png\",\"contentUrl\":\"https:\/\/nenedemo.ovh\/TAEKWORPRESS\/wp-content\/uploads\/2023\/08\/cropped-LOGO_FINAL_ASM-1.png\",\"width\":250,\"height\":250,\"caption\":\"Association Sportive Municipale de Pau\"},\"image\":{\"@id\":\"https:\/\/nenedemo.ovh\/TAEKWORPRESS\/#\/schema\/logo\/image\/\"},\"sameAs\":[\"https:\/\/www.facebook.com\/groups\/210021564364\/\"]}]}<\/script>\n<!-- \/ Yoast SEO plugin. -->","yoast_head_json":{"title":"Qui sommes-nous ? - ASM TAEKWONDO PAU","robots":{"index":"index","follow":"follow","max-snippet":"max-snippet:-1","max-image-preview":"max-image-preview:large","max-video-preview":"max-video-preview:-1"},"canonical":"https:\/\/nenedemo.ovh\/TAEKWORPRESS\/?page_id=1129","og_locale":"fr_FR","og_type":"article","og_title":"Qui sommes-nous ? - ASM TAEKWONDO PAU","og_description":"L&#8217;A.S.M. TAEKWONDO est une Association Sportive Municipale Paloise, \u00e9tablie en France dans la commune de Pau, r\u00e9gion Nouvelle-Aquitaine, d\u00e9partement des Pyr\u00e9n\u00e9es-Atlantiques. Vous nous trouverez au gymnase situ\u00e9 \u00e0 15 Av. des Sayettes, 64000 Pau. Histoire du club : Cr\u00e9e en 1993 par Monsieur Jean Hakim, 2\u00e8me dan et plusieurs fois champion du Liban, et repris &hellip; Read More \"Qui sommes-nous ?\"","og_url":"https:\/\/nenedemo.ovh\/TAEKWORPRESS\/?page_id=1129","og_site_name":"ASM TAEKWONDO PAU","article_publisher":"https:\/\/www.facebook.com\/groups\/210021564364\/","article_modified_time":"2025-08-26T08:00:45+00:00","og_image":[{"url":"https:\/\/static.xx.fbcdn.net\/images\/emoji.php\/v9\/tb4\/1\/16\/2b50.png"}],"twitter_card":"summary_large_image","twitter_misc":{"Dur\u00e9e de lecture estim\u00e9e":"4 minutes"},"schema":{"@context":"https:\/\/schema.org","@graph":[{"@type":"WebPage","@id":"https:\/\/nenedemo.ovh\/TAEKWORPRESS\/?page_id=1129","url":"https:\/\/nenedemo.ovh\/TAEKWORPRESS\/?page_id=1129","name":"Qui sommes-nous ? - ASM TAEKWONDO PAU","isPartOf":{"@id":"https:\/\/nenedemo.ovh\/TAEKWORPRESS\/#website"},"primaryImageOfPage":{"@id":"https:\/\/nenedemo.ovh\/TAEKWORPRESS\/?page_id=1129#primaryimage"},"image":{"@id":"https:\/\/nenedemo.ovh\/TAEKWORPRESS\/?page_id=1129#primaryimage"},"thumbnailUrl":"https:\/\/static.xx.fbcdn.net\/images\/emoji.php\/v9\/tb4\/1\/16\/2b50.png","datePublished":"2023-08-09T17:38:14+00:00","dateModified":"2025-08-26T08:00:45+00:00","breadcrumb":{"@id":"https:\/\/nenedemo.ovh\/TAEKWORPRESS\/?page_id=1129#breadcrumb"},"inLanguage":"fr-FR","potentialAction":[{"@type":"ReadAction","target":["https:\/\/nenedemo.ovh\/TAEKWORPRESS\/?page_id=1129"]}]},{"@type":"ImageObject","inLanguage":"fr-FR","@id":"https:\/\/nenedemo.ovh\/TAEKWORPRESS\/?page_id=1129#primaryimage","url":"https:\/\/static.xx.fbcdn.net\/images\/emoji.php\/v9\/tb4\/1\/16\/2b50.png","contentUrl":"https:\/\/static.xx.fbcdn.net\/images\/emoji.php\/v9\/tb4\/1\/16\/2b50.png"},{"@type":"BreadcrumbList","@id":"https:\/\/nenedemo.ovh\/TAEKWORPRESS\/?page_id=1129#breadcrumb","itemListElement":[{"@type":"ListItem","position":1,"name":"Accueil","item":"https:\/\/nenedemo.ovh\/TAEKWORPRESS\/"},{"@type":"ListItem","position":2,"name":"Qui sommes-nous ?"}]},{"@type":"WebSite","@id":"https:\/\/nenedemo.ovh\/TAEKWORPRESS\/#website","url":"https:\/\/nenedemo.ovh\/TAEKWORPRESS\/","name":"A.S.M. TAEKWONDO PAU","description":"Association Sportive Municipale de Pau","publisher":{"@id":"https:\/\/nenedemo.ovh\/TAEKWORPRESS\/#organization"},"potentialAction":[{"@type":"SearchAction","target":{"@type":"EntryPoint","urlTemplate":"https:\/\/nenedemo.ovh\/TAEKWORPRESS\/?s={search_term_string}"},"query-input":"required name=search_term_string"}],"inLanguage":"fr-FR"},{"@type":"Organization","@id":"https:\/\/nenedemo.ovh\/TAEKWORPRESS\/#organization","name":"Association Sportive Municipale de Pau","url":"https:\/\/nenedemo.ovh\/TAEKWORPRESS\/","logo":{"@type":"ImageObject","inLanguage":"fr-FR","@id":"https:\/\/nenedemo.ovh\/TAEKWORPRESS\/#\/schema\/logo\/image\/","url":"https:\/\/nenedemo.ovh\/TAEKWORPRESS\/wp-content\/uploads\/2023\/08\/cropped-LOGO_FINAL_ASM-1.png","contentUrl":"https:\/\/nenedemo.ovh\/TAEKWORPRESS\/wp-content\/uploads\/2023\/08\/cropped-LOGO_FINAL_ASM-1.png","width":250,"height":250,"caption":"Association Sportive Municipale de Pau"},"image":{"@id":"https:\/\/nenedemo.ovh\/TAEKWORPRESS\/#\/schema\/logo\/image\/"},"sameAs":["https:\/\/www.facebook.com\/groups\/210021564364\/"]}]}},"_links":{"self":[{"href":"https:\/\/nenedemo.ovh\/TAEKWORPRESS\/index.php?rest_route=\/wp\/v2\/pages\/1129","targetHints":{"allow":["GET"]}}],"collection":[{"href":"https:\/\/nenedemo.ovh\/TAEKWORPRESS\/index.php?rest_route=\/wp\/v2\/pages"}],"about":[{"href":"https:\/\/nenedemo.ovh\/TAEKWORPRESS\/index.php?rest_route=\/wp\/v2\/types\/page"}],"author":[{"embeddable":true,"href":"https:\/\/nenedemo.ovh\/TAEKWORPRESS\/index.php?rest_route=\/wp\/v2\/users\/3"}],"replies":[{"embeddable":true,"href":"https:\/\/nenedemo.ovh\/TAEKWORPRESS\/index.php?rest_route=%2Fwp%2Fv2%2Fcomments&post=1129"}],"version-history":[{"count":17,"href":"https:\/\/nenedemo.ovh\/TAEKWORPRESS\/index.php?rest_route=\/wp\/v2\/pages\/1129\/revisions"}],"predecessor-version":[{"id":2268,"href":"https:\/\/nenedemo.ovh\/TAEKWORPRESS\/index.php?rest_route=\/wp\/v2\/pages\/1129\/revisions\/2268"}],"wp:attachment":[{"href":"https:\/\/nenedemo.ovh\/TAEKWORPRESS\/index.php?rest_route=%2Fwp%2Fv2%2Fmedia&parent=1129"}],"curies":[{"name":"wp","href":"https:\/\/api.w.org\/{rel}","templated":true}]}}